{"version":"1.0","provider_name":"SEPB","provider_url":"https:\/\/copesepb.ca\/fr\/","title":"Mise \u00e0 jour \u2013 Feux de for\u00eat et congr\u00e8s - SEPB","type":"rich","width":600,"height":338,"html":"<blockquote class=\"wp-embedded-content\" data-secret=\"V4mZ8pxyeC\"><a href=\"https:\/\/copesepb.ca\/fr\/mise-a-jour-feux-de-foret-et-congres\/\">Mise \u00e0 jour \u2013 Feux de for\u00eat et congr\u00e8s<\/a><\/blockquote><iframe sandbox=\"allow-scripts\" security=\"restricted\" src=\"https:\/\/copesepb.ca\/fr\/mise-a-jour-feux-de-foret-et-congres\/embed\/#?secret=V4mZ8pxyeC\" width=\"600\" height=\"338\" title=\"\u00ab\u00a0Mise \u00e0 jour \u2013 Feux de for\u00eat et congr\u00e8s\u00a0\u00bb &#8212; SEPB\" data-secret=\"V4mZ8pxyeC\" frameborder=\"0\" marginwidth=\"0\" marginheight=\"0\" scrolling=\"no\" class=\"wp-embedded-content\"><\/iframe><script type=\"text\/javascript\">\n\/* <![CDATA[ *\/\n\/*! This file is auto-generated *\/\n!function(d,l){\"use strict\";l.querySelector&&d.addEventListener&&\"undefined\"!=typeof URL&&(d.wp=d.wp||{},d.wp.receiveEmbedMessage||(d.wp.receiveEmbedMessage=function(e){var t=e.data;if((t||t.secret||t.message||t.value)&&!\/[^a-zA-Z0-9]\/.test(t.secret)){for(var s,r,n,a=l.querySelectorAll('iframe[data-secret=\"'+t.secret+'\"]'),o=l.querySelectorAll('blockquote[data-secret=\"'+t.secret+'\"]'),c=new RegExp(\"^https?:$\",\"i\"),i=0;i<o.length;i++)o[i].style.display=\"none\";for(i=0;i<a.length;i++)s=a[i],e.source===s.contentWindow&&(s.removeAttribute(\"style\"),\"height\"===t.message?(1e3<(r=parseInt(t.value,10))?r=1e3:~~r<200&&(r=200),s.height=r):\"link\"===t.message&&(r=new URL(s.getAttribute(\"src\")),n=new URL(t.value),c.test(n.protocol))&&n.host===r.host&&l.activeElement===s&&(d.top.location.href=t.value))}},d.addEventListener(\"message\",d.wp.receiveEmbedMessage,!1),l.addEventListener(\"DOMContentLoaded\",function(){for(var e,t,s=l.querySelectorAll(\"iframe.wp-embedded-content\"),r=0;r<s.length;r++)(t=(e=s[r]).getAttribute(\"data-secret\"))||(t=Math.random().toString(36).substring(2,12),e.src+=\"#?secret=\"+t,e.setAttribute(\"data-secret\",t)),e.contentWindow.postMessage({message:\"ready\",secret:t},\"*\")},!1)))}(window,document);\n\/\/# sourceURL=https:\/\/copesepb.ca\/wp-includes\/js\/wp-embed.min.js\n\/* ]]> *\/\n<\/script>\n","thumbnail_url":"https:\/\/copesepb.ca\/wp-content\/uploads\/2025\/05\/Convention2025-2-1.jpg","thumbnail_width":513,"thumbnail_height":577,"description":"Nous suivons de pr\u00e8s la situation des feux de for\u00eat au Manitoba. L\u2019ex\u00e9cutif national du COPE SEPB tiendra une r\u00e9union demain pour d\u00e9cider si le congr\u00e8s aura lieu ou non. Votre s\u00e9curit\u00e9 et le respect envers les personnes sinistr\u00e9es et \u00e9vacu\u00e9es au Manitoba sont nos priorit\u00e9s. Merci de votre patience. Nous vous tiendrons inform\u00e9\u00b7e\u00b7s d\u00e8s [&hellip;]"}